{"id":1511,"date":"2018-01-29T17:37:45","date_gmt":"2018-01-29T17:37:45","guid":{"rendered":"https:\/\/grupoevita.com\/nosotros\/"},"modified":"2021-05-03T07:15:48","modified_gmt":"2021-05-03T07:15:48","slug":"nos","status":"publish","type":"page","link":"https:\/\/grupoevita.com\/pt-pt\/nos\/","title":{"rendered":"N\u00f3s"},"content":{"rendered":"[mk_page_section bg_image=&#8221;http:\/\/grupoevita.com\/wp-content\/uploads\/2018\/01\/cabecera-nosotros.jpg&#8221; bg_repeat=&#8221;no-repeat&#8221; bg_stretch=&#8221;true&#8221; sidebar=&#8221;sidebar-1&#8243;][vc_column width=&#8221;1\/3&#8243;]<div class=\"ult-spacer spacer-69f58ada2ce65\" data-id=\"69f58ada2ce65\" data-height=\"120\" data-height-mobile=\"120\" data-height-tab=\"120\" data-height-tab-portrait=\"\" data-height-mobile-landscape=\"\" style=\"clear:both;display:block;\"><\/div>[vc_row_inner visibility=&#8221;visible-dt&#8221; css=&#8221;.vc_custom_1517242925131{padding-top: 2% !important;background-color: rgba(46,142,41,0.7) !important;*background-color: rgb(46,142,41) !important;}&#8221;][vc_column_inner][vc_column_text css=&#8221;.vc_custom_1620025454160{margin-bottom: 0px !important;}&#8221;]\n<h1 class=\"blanco\" style=\"text-align: center;\">N\u00f3s<\/h1>\n[\/vc_column_text][\/vc_column_inner][\/vc_row_inner]<div class=\"ult-spacer spacer-69f58ada2ce8b\" data-id=\"69f58ada2ce8b\" data-height=\"100\" data-height-mobile=\"100\" data-height-tab=\"100\" data-height-tab-portrait=\"\" data-height-mobile-landscape=\"\" style=\"clear:both;display:block;\"><\/div>[\/vc_column][vc_column width=&#8221;2\/3&#8243;][\/vc_column][\/mk_page_section][mk_page_section padding_top=&#8221;40&#8243; sidebar=&#8221;sidebar-1&#8243;][vc_column width=&#8221;3\/4&#8243; css=&#8221;.vc_custom_1517243538226{margin-bottom: 0px !important;padding-bottom: 0px !important;}&#8221;][mk_divider style=&#8221;thin_solid&#8221; thin_single_color=&#8221;#080335&#8243; thickness=&#8221;3&#8243;][vc_column_text css=&#8221;.vc_custom_1620025478832{margin-bottom: 0px !important;}&#8221;]\n<h2>Grupo Evita<\/h2>\n<h3 style=\"font-weight: normal;\">O melhor cimento do mercado<\/h3>\n[\/vc_column_text][vc_column_text css=&#8221;.vc_custom_1620025500442{margin-bottom: 0px !important;padding-bottom: 0px !important;}&#8221;]O GRUPO EVITA nasceu em 2009, coincidindo com o boom da constru\u00e7\u00e3o na Guin\u00e9 Equatorial, oferecendo o servi\u00e7o de coleta, tratamento e exporta\u00e7\u00e3o de res\u00edduos t\u00f3xicos, por terra e mar, para a vizinha Rep\u00fablica de Camar\u00f5es.<\/p>\n<p>Em 2010 foi criada a divis\u00e3o de Transporte e Log\u00edstica, adquirindo uma grande frota de caminh\u00f5es plataforma para o transporte rodovi\u00e1rio de mercadorias. Entre 2010 e 2013, mais de 3.000 cont\u00eaineres foram transportados do porto de Bata para o interior da Guin\u00e9 Equatorial.[\/vc_column_text][\/vc_column][vc_column width=&#8221;1\/4&#8243;]<div class=\"ult-spacer spacer-69f58ada2cea1\" data-id=\"69f58ada2cea1\" data-height=\"20\" data-height-mobile=\"20\" data-height-tab=\"20\" data-height-tab-portrait=\"\" data-height-mobile-landscape=\"\" style=\"clear:both;display:block;\"><\/div>[mk_image src=&#8221;http:\/\/grupoevita.com\/wp-content\/uploads\/2018\/01\/grupo-evita-foto.jpg&#8221; image_size=&#8221;full&#8221; align=&#8221;center&#8221; margin_bottom=&#8221;0&#8243;][\/vc_column][vc_column][vc_column_text css=&#8221;.vc_custom_1620025587673{margin-bottom: 0px !important;}&#8221;]<img loading=\"lazy\" decoding=\"async\" class=\"wp-image-304 size-full alignright\" src=\"http:\/\/grupoevita.com\/wp-content\/uploads\/2018\/01\/estructura-2.jpg\" alt=\"\" width=\"400\" height=\"150\" srcset=\"https:\/\/grupoevita.com\/wp-content\/uploads\/2018\/01\/estructura-2.jpg 400w, https:\/\/grupoevita.com\/wp-content\/uploads\/2018\/01\/estructura-2-300x113.jpg 300w\" sizes=\"auto, (max-width: 400px) 100vw, 400px\" \/>Em 2013, na \u00faltima reuni\u00e3o do Conselho de Administra\u00e7\u00e3o realizada em Bata, foi decidido, entre outras coisas, investir 70% dos lucros no plano de expans\u00e3o e crescimento da empresa, 20% na distribui\u00e7\u00e3o de dividendos e os 10% restantes em fundos de reserva.<\/p>\n<p>O plano de expans\u00e3o consistiu na aquisi\u00e7\u00e3o de uma planta de concreto, equipamentos para a explora\u00e7\u00e3o de uma pedreira, equipamentos de asfalto, caminh\u00f5es, basculantes, betoneiras, m\u00e1quinas pr\u00e9-fabricadas de concreto e m\u00e1quinas de terraplanagem.[\/vc_column_text][\/vc_column][\/mk_page_section][mk_page_section bg_image=&#8221;http:\/\/grupoevita.com\/wp-content\/uploads\/2018\/01\/fondo-2.jpg&#8221; bg_stretch=&#8221;true&#8221; padding_top=&#8221;40&#8243; padding_bottom=&#8221;20&#8243; sidebar=&#8221;sidebar-1&#8243;][vc_column][mk_divider style=&#8221;thin_solid&#8221; thin_single_color=&#8221;#080335&#8243; thickness=&#8221;3&#8243;][vc_column_text css=&#8221;.vc_custom_1620025599807{margin-bottom: 0px !important;}&#8221;]\n<h3>Fabricado na Guin\u00e9 Equatorial com garantia Europeia.<\/h3>\n[\/vc_column_text][\/vc_column][vc_column width=&#8221;1\/2&#8243;]<div class=\"ult-spacer spacer-69f58ada2cec6\" data-id=\"69f58ada2cec6\" data-height=\"20\" data-height-mobile=\"20\" data-height-tab=\"20\" data-height-tab-portrait=\"\" data-height-mobile-landscape=\"\" style=\"clear:both;display:block;\"><\/div>[vc_column_text css=&#8221;.vc_custom_1620025612319{margin-bottom: 0px !important;}&#8221;]Atualmente, e em plena fase de desenvolvimento industrial na Guin\u00e9 Equatorial, as boas rela\u00e7\u00f5es com os demais pa\u00edses africanos, uma s\u00f3lida rede rodovi\u00e1ria que liga Bata a Camar\u00f5es e Gab\u00e3o, uma estrutura portu\u00e1ria de ponta e as vantagens fiscais para investimentos privados oferecidas pelo Governo presidido por H. E. Teodoro OBIANG, o Presidente da Rep\u00fablica da Guin\u00e9 Equatorial. E. Theodore OBIANG NGUEMA MBASOGO, tornaram poss\u00edvel o estabelecimento de uma f\u00e1brica CEMENT COLA em Bata com a voca\u00e7\u00e3o de abastecer os mercados nacional, sub-regional (\u00e1rea CEMAC) e internacional, \u00c1frica Ocidental e \u00e1rea CPLP da CE.[\/vc_column_text][mk_icon_box icon=&#8221;mk-icon-map-marker&#8221; title=&#8221;Bata (Rep\u00fablica da Guin\u00e9 Equatorial)&#8221; font_weight=&#8221;bold&#8221; icon_size=&#8221;medium&#8221; icon_color=&#8221;#2e8e29&#8243; icon_circle_color=&#8221;&#8221; title_color=&#8221;#080335&#8243; margin=&#8221;10&#8243;][\/mk_icon_box][vc_column_text css=&#8221;.vc_custom_1620025628759{margin-bottom: 0px !important;}&#8221;]EVITA GROUP contratou as melhores empresas europ\u00e9ias para a instala\u00e7\u00e3o da f\u00e1brica, o controle de qualidade dos processos de produ\u00e7\u00e3o e temos um acordo de transfer\u00eancia de tecnologia por um per\u00edodo limitado.[\/vc_column_text][\/vc_column][vc_column width=&#8221;1\/2&#8243;]<div class=\"ult-spacer spacer-69f58ada2ced9\" data-id=\"69f58ada2ced9\" data-height=\"20\" data-height-mobile=\"20\" data-height-tab=\"20\" data-height-tab-portrait=\"\" data-height-mobile-landscape=\"\" style=\"clear:both;display:block;\"><\/div>[mk_image src=&#8221;http:\/\/grupoevita.com\/wp-content\/uploads\/2018\/01\/mapa-new.png&#8221; image_size=&#8221;full&#8221; align=&#8221;center&#8221;][\/vc_column][\/mk_page_section][mk_page_section bg_image=&#8221;http:\/\/grupoevita.com\/wp-content\/uploads\/2018\/01\/fondo-azul-estructura.jpg&#8221; bg_stretch=&#8221;true&#8221; padding_top=&#8221;50&#8243; padding_bottom=&#8221;40&#8243; sidebar=&#8221;sidebar-1&#8243;][vc_column][vc_column_text align=&#8221;center&#8221; css=&#8221;.vc_custom_1620025640063{margin-bottom: 0px !important;}&#8221;]\n<h4 class=\"blanco\">Por que escolher nossos produtos?<\/h4>\n[\/vc_column_text]<div class=\"ult-spacer spacer-69f58ada2ceeb\" data-id=\"69f58ada2ceeb\" data-height=\"30\" data-height-mobile=\"30\" data-height-tab=\"30\" data-height-tab-portrait=\"\" data-height-mobile-landscape=\"\" style=\"clear:both;display:block;\"><\/div>[\/vc_column][vc_column width=&#8221;1\/6&#8243;][mk_image src=&#8221;http:\/\/grupoevita.com\/wp-content\/uploads\/2018\/01\/icon2.png&#8221; image_size=&#8221;full&#8221; align=&#8221;center&#8221;][vc_column_text align=&#8221;center&#8221; css=&#8221;.vc_custom_1620025663912{margin-bottom: 0px !important;}&#8221;]<span class=\"blanco\">Experi\u00eancia<\/span>[\/vc_column_text][\/vc_column][vc_column width=&#8221;1\/6&#8243;][mk_image src=&#8221;http:\/\/grupoevita.com\/wp-content\/uploads\/2018\/01\/icon3.png&#8221; image_size=&#8221;full&#8221; align=&#8221;center&#8221;][vc_column_text align=&#8221;center&#8221; css=&#8221;.vc_custom_1620025670727{margin-bottom: 0px !important;}&#8221;]<span class=\"blanco\">Pessoal Qualificado<\/span>[\/vc_column_text][\/vc_column][vc_column width=&#8221;1\/6&#8243;][mk_image src=&#8221;http:\/\/grupoevita.com\/wp-content\/uploads\/2018\/01\/icon6.png&#8221; image_size=&#8221;full&#8221; align=&#8221;center&#8221;][vc_column_text align=&#8221;center&#8221; css=&#8221;.vc_custom_1620025677007{margin-bottom: 0px !important;}&#8221;]<span class=\"blanco\">Qualidade do produto<\/span>[\/vc_column_text][\/vc_column][vc_column width=&#8221;1\/6&#8243;][mk_image src=&#8221;http:\/\/grupoevita.com\/wp-content\/uploads\/2018\/01\/icon4.png&#8221; image_size=&#8221;full&#8221; align=&#8221;center&#8221;][vc_column_text align=&#8221;center&#8221; css=&#8221;.vc_custom_1620025683775{margin-bottom: 0px !important;}&#8221;]<span class=\"blanco\">Refer\u00eancia Nacional<\/span>[\/vc_column_text][\/vc_column][vc_column width=&#8221;1\/6&#8243;][mk_image src=&#8221;http:\/\/grupoevita.com\/wp-content\/uploads\/2018\/01\/icon7.png&#8221; image_size=&#8221;full&#8221; align=&#8221;center&#8221;][vc_column_text align=&#8221;center&#8221; css=&#8221;.vc_custom_1620025691599{margin-bottom: 0px !important;}&#8221;]<span class=\"blanco\">Atendimento ao cliente<\/span>[\/vc_column_text][\/vc_column][vc_column width=&#8221;1\/6&#8243;][mk_image src=&#8221;http:\/\/grupoevita.com\/wp-content\/uploads\/2018\/01\/icon8.png&#8221; image_size=&#8221;full&#8221; align=&#8221;center&#8221;][vc_column_text align=&#8221;center&#8221; css=&#8221;.vc_custom_1620025703352{margin-bottom: 0px !important;}&#8221;]<span class=\"blanco\">Desenvolvimento Industrial<\/span>[\/vc_column_text][vc_column_text css=&#8221;.vc_custom_1517331087434{margin-bottom: 0px !important;}&#8221;]\n<div id=\"fabrica\"><\/div>\n[\/vc_column_text][\/vc_column][\/mk_page_section][mk_page_section padding_top=&#8221;40&#8243; sidebar=&#8221;sidebar-1&#8243;][vc_column][vc_column_text css=&#8221;.vc_custom_1620025711367{margin-bottom: 0px !important;}&#8221;]\n<h3>Nossa F\u00e1brica<\/h3>\n[\/vc_column_text]<div class=\"ult-spacer spacer-69f58ada2cefa\" data-id=\"69f58ada2cefa\" data-height=\"20\" data-height-mobile=\"20\" data-height-tab=\"20\" data-height-tab-portrait=\"\" data-height-mobile-landscape=\"\" style=\"clear:both;display:block;\"><\/div>[vc_column_text css=&#8221;.vc_custom_1620025720487{margin-bottom: 0px !important;}&#8221;]O GRUPO EVITA \u00e9 uma empresa em plena expans\u00e3o, com experi\u00eancia comprovada no setor, com pessoal altamente qualificado e comprometido com o desenvolvimento industrial da Guin\u00e9 Equatorial, oferecendo um produto de alta qualidade. Somos uma refer\u00eancia nacional para a gest\u00e3o eficiente de recursos, qualidade de servi\u00e7o e atendimento ao cliente. Nossa f\u00e1brica de cimento est\u00e1 equipada com tecnologia de ponta e tem uma capacidade de produ\u00e7\u00e3o de 15 tn\/h.[\/vc_column_text][\/vc_column][vc_column width=&#8221;1\/2&#8243;][mk_icon_box icon=&#8221;mk-icon-map-marker&#8221; title=&#8221;F\u00e1brica localizada em Bata&#8221; font_weight=&#8221;bold&#8221; icon_size=&#8221;medium&#8221; icon_color=&#8221;#2e8e29&#8243; icon_circle_color=&#8221;&#8221; title_color=&#8221;#080335&#8243; margin=&#8221;10&#8243;][\/mk_icon_box][mk_icon_box icon=&#8221;mk-icon-power-off&#8221; title=&#8221;Tecnologia de \u00faltima gera\u00e7\u00e3o&#8221; font_weight=&#8221;bold&#8221; icon_size=&#8221;medium&#8221; icon_color=&#8221;#2e8e29&#8243; icon_circle_color=&#8221;&#8221; title_color=&#8221;#080335&#8243; margin=&#8221;10&#8243;][\/mk_icon_box][mk_icon_box icon=&#8221;mk-moon-contract&#8221; title=&#8221;Controles de qualidade nos processos de produ\u00e7\u00e3o de acordo com os padr\u00f5es europeus.&#8221; font_weight=&#8221;bold&#8221; icon_size=&#8221;medium&#8221; icon_color=&#8221;#2e8e29&#8243; icon_circle_color=&#8221;&#8221; title_color=&#8221;#080335&#8243; margin=&#8221;10&#8243;][\/mk_icon_box][\/vc_column][vc_column width=&#8221;1\/2&#8243;][vc_column_text css=&#8221;.vc_custom_1620025748958{margin-bottom: 0px !important;}&#8221;]Temos um sistema de descompress\u00e3o do misturador, um misturador modelo SB1H900T, silos, balan\u00e7a de enchimento de v\u00e1lvula BESV-8, placer autom\u00e1tico de sacos e esteira transportadora de sacos. O conjunto robotizado de paletiza\u00e7\u00e3o \u00e9 composto de: um caminho de picking, uma base mais um rob\u00f4 Kuka KR-120 com garra para sacos, 2 esta\u00e7\u00f5es de paletiza\u00e7\u00e3o, cercas e barreiras de seguran\u00e7a e um equipamento de programa\u00e7\u00e3o em mosaico.[\/vc_column_text][\/vc_column][\/mk_page_section][mk_page_section padding_bottom=&#8221;0&#8243; sidebar=&#8221;sidebar-1&#8243;][vc_column width=&#8221;1\/2&#8243;][mk_image src=&#8221;https:\/\/grupoevita.com\/wp-content\/uploads\/2019\/06\/fabrica-5.jpg&#8221; image_size=&#8221;full&#8221; align=&#8221;center&#8221;][\/vc_column][vc_column width=&#8221;1\/2&#8243;][vc_row_inner][vc_column_inner width=&#8221;1\/2&#8243; css=&#8221;.vc_custom_1517246078804{padding-right: 1% !important;padding-left: 0px !important;}&#8221;][mk_image src=&#8221;https:\/\/grupoevita.com\/wp-content\/uploads\/2019\/06\/fabrica-2.jpg&#8221; image_size=&#8221;full&#8221; align=&#8221;center&#8221;][\/vc_column_inner][vc_column_inner width=&#8221;1\/2&#8243; css=&#8221;.vc_custom_1517246095699{padding-right: 0px !important;padding-left: 1% !important;}&#8221;][mk_image src=&#8221;https:\/\/grupoevita.com\/wp-content\/uploads\/2019\/06\/fabrica-4.jpeg&#8221; image_size=&#8221;full&#8221; align=&#8221;center&#8221;][\/vc_column_inner][\/vc_row_inner][mk_image src=&#8221;https:\/\/grupoevita.com\/wp-content\/uploads\/2019\/06\/fabrica-3.jpg&#8221; image_size=&#8221;full&#8221; align=&#8221;center&#8221;][\/vc_column][\/mk_page_section][mk_page_section padding_top=&#8221;0&#8243; sidebar=&#8221;sidebar-1&#8243;][vc_column width=&#8221;1\/2&#8243;][mk_image src=&#8221;https:\/\/grupoevita.com\/wp-content\/uploads\/2019\/06\/fabrica.jpg&#8221; image_size=&#8221;full&#8221; align=&#8221;center&#8221;][\/vc_column][vc_column width=&#8221;1\/2&#8243;][mk_image src=&#8221;https:\/\/grupoevita.com\/wp-content\/uploads\/2019\/06\/fabrica-6.jpg&#8221; image_size=&#8221;full&#8221; align=&#8221;center&#8221;][\/vc_column][\/mk_page_section][mk_page_section margin_bottom=&#8221;40&#8243; sidebar=&#8221;sidebar-1&#8243;][vc_column][mk_divider style=&#8221;thin_solid&#8221; thin_single_color=&#8221;#080335&#8243; thickness=&#8221;3&#8243;][\/vc_column][vc_column width=&#8221;1\/3&#8243;][vc_row_inner css=&#8221;.vc_custom_1517247040341{padding-top: 4% !important;padding-right: 2% !important;padding-bottom: 3% !important;padding-left: 2% !important;background-color: #f3f2f7 !important;}&#8221;][vc_column_inner][mk_icon_box icon=&#8221;mk-icon-map-marker&#8221; title=&#8221;Guin\u00e9 Equatorial&#8221; font_weight=&#8221;bold&#8221; icon_size=&#8221;medium&#8221; icon_color=&#8221;#2e8e29&#8243; icon_circle_color=&#8221;&#8221; title_color=&#8221;#080335&#8243; margin=&#8221;10&#8243;][\/mk_icon_box][mk_icon_box icon=&#8221;mk-icon-arrow-circle-o-right&#8221; title=&#8221;Localizado em &#8230;&#8221; text_size=&#8221;14&#8243; font_weight=&#8221;bold&#8221; icon_size=&#8221;medium&#8221; icon_color=&#8221;#2e8e29&#8243; icon_circle_color=&#8221;&#8221; title_color=&#8221;#080335&#8243; margin=&#8221;10&#8243;]a parte equatorial da \u00c1frica[\/mk_icon_box][mk_icon_box icon=&#8221;mk-icon-arrow-circle-o-right&#8221; title=&#8221;Territ\u00f3rio &#8230;&#8221; text_size=&#8221;14&#8243; font_weight=&#8221;bold&#8221; icon_size=&#8221;medium&#8221; icon_color=&#8221;#2e8e29&#8243; icon_circle_color=&#8221;&#8221; title_color=&#8221;#080335&#8243; margin=&#8221;10&#8243;]Continental 26.017 km\u00b2 e insular 2.034 km\u00b2.[\/mk_icon_box][mk_icon_box icon=&#8221;mk-icon-arrow-circle-o-right&#8221; title=&#8221;Limitada &#8230;&#8221; text_size=&#8221;14&#8243; font_weight=&#8221;bold&#8221; icon_size=&#8221;medium&#8221; icon_color=&#8221;#2e8e29&#8243; icon_circle_color=&#8221;&#8221; title_color=&#8221;#080335&#8243; margin=&#8221;10&#8243;]ao norte por Camar\u00f5es, ao leste e ao sul pelo Gab\u00e3o e ao oeste pelo Oceano Atl\u00e2ntico.<br \/>\n[\/mk_icon_box][mk_icon_box icon=&#8221;mk-icon-arrow-circle-o-right&#8221; title=&#8221;Ilhas &#8230;&#8221; text_size=&#8221;14&#8243; font_weight=&#8221;bold&#8221; icon_size=&#8221;medium&#8221; icon_color=&#8221;#2e8e29&#8243; icon_circle_color=&#8221;&#8221; title_color=&#8221;#080335&#8243; margin=&#8221;10&#8243;]Annobon, Corisco, Elobey Grande, Elobey Chico e a ilha de Bioko, onde se encontra a capital Malabo.[\/mk_icon_box][\/vc_column_inner][\/vc_row_inner][\/vc_column][vc_column width=&#8221;2\/3&#8243;][vc_column_text css=&#8221;.vc_custom_1620025805319{margin-bottom: 0px !important;}&#8221;]\n<h4>Onde estamos?<\/h4>\n[\/vc_column_text]<div class=\"ult-spacer spacer-69f58ada2cf0c\" data-id=\"69f58ada2cf0c\" data-height=\"20\" data-height-mobile=\"20\" data-height-tab=\"20\" data-height-tab-portrait=\"\" data-height-mobile-landscape=\"\" style=\"clear:both;display:block;\"><\/div>[vc_column_text css=&#8221;.vc_custom_1620025824600{margin-bottom: 0px !important;}&#8221;]O continente da Guin\u00e9 Equatorial consiste em uma faixa costeira plana, que gradualmente se torna mais acidentada no interior, onde uma s\u00e9rie de cadeias de montanhas conhecidas como as &#8220;Sete Montanhas&#8221; s\u00e3o encontradas. O terreno \u00e9 suavemente ondulado e coberto por vegeta\u00e7\u00e3o da selva. Cerca de 60% da \u00e1rea pertence \u00e0 bacia do rio Mbini. O limite norte do continente \u00e9 a fronteira entre Camar\u00f5es e Guin\u00e9 Equatorial.<\/p>\n<p>Na parte sul, a fronteira \u00e9 a fronteira entre o Gab\u00e3o e a Guin\u00e9 Equatorial. A ilha mais importante \u00e9 Bioko (2.017 km\u00b2) e est\u00e1 localizada ao norte do continente, a 40 quil\u00f4metros da costa dos Camar\u00f5es, na Ba\u00eda de Bonny (Biafra), um trecho do Golfo da Guin\u00e9. A ilha, de origem vulc\u00e2nica, \u00e9 montanhosa e fortemente arborizada, com uma costa acidentada e rochosa (195 km) e tem dois excelentes portos em Malabo e Luba. Seu pico mais alto \u00e9 o Pico Basil\u00e9 (3.007 metros).[\/vc_column_text][mk_image src=&#8221;http:\/\/grupoevita.com\/wp-content\/uploads\/2018\/01\/guinea-ecuatorial-bandera.jpg&#8221; image_size=&#8221;full&#8221; align=&#8221;center&#8221;][\/vc_column][\/mk_page_section]\n","protected":false},"excerpt":{"rendered":"<p>[mk_page_section bg_image=&#8221;http:\/\/grupoevita.com\/wp-content\/uploads\/2018\/01\/cabecera-nosotros.jpg&#8221; bg_repeat=&#8221;no-repeat&#8221; bg_stretch=&#8221;true&#8221; sidebar=&#8221;sidebar-1&#8243;][vc_column width=&#8221;1\/3&#8243;][vc_row_inner visibility=&#8221;visible-dt&#8221; css=&#8221;.vc_custom_1517242925131{padding-top: 2% !important;background-color: rgba(46,142,41,0.7) !important;*background-color: rgb(46,142,41) !important;}&#8221;][vc_column_inner][vc_column_text css=&#8221;.vc_custom_1620025454160{margin-bottom: 0px !important;}&#8221;] N\u00f3s [\/vc_column_text][\/vc_column_inner][\/vc_row_inner][\/vc_column][vc_column width=&#8221;2\/3&#8243;][\/vc_column][\/mk_page_section][mk_page_section padding_top=&#8221;40&#8243; sidebar=&#8221;sidebar-1&#8243;][vc_column width=&#8221;3\/4&#8243; css=&#8221;.vc_custom_1517243538226{margin-bottom: 0px !important;padding-bottom: 0px !important;}&#8221;][mk_divider style=&#8221;thin_solid&#8221; thin_single_color=&#8221;#080335&#8243; thickness=&#8221;3&#8243;][vc_column_text css=&#8221;.vc_custom_1620025478832{margin-bottom: 0px !important;}&#8221;] Grupo Evita O melhor cimento do mercado [\/vc_column_text][vc_column_text css=&#8221;.vc_custom_1620025500442{margin-bottom: 0px !important;padding-bottom: 0px !important;}&#8221;]O GRUPO EVITA nasceu em 2009, coincidindo com o [&hellip;]<\/p>\n","protected":false},"author":1,"featured_media":0,"parent":0,"menu_order":0,"comment_status":"closed","ping_status":"closed","template":"","meta":{"footnotes":""},"class_list":["post-1511","page","type-page","status-publish","hentry"],"_links":{"self":[{"href":"https:\/\/grupoevita.com\/pt-pt\/wp-json\/wp\/v2\/pages\/1511","targetHints":{"allow":["GET"]}}],"collection":[{"href":"https:\/\/grupoevita.com\/pt-pt\/wp-json\/wp\/v2\/pages"}],"about":[{"href":"https:\/\/grupoevita.com\/pt-pt\/wp-json\/wp\/v2\/types\/page"}],"author":[{"embeddable":true,"href":"https:\/\/grupoevita.com\/pt-pt\/wp-json\/wp\/v2\/users\/1"}],"replies":[{"embeddable":true,"href":"https:\/\/grupoevita.com\/pt-pt\/wp-json\/wp\/v2\/comments?post=1511"}],"version-history":[{"count":5,"href":"https:\/\/grupoevita.com\/pt-pt\/wp-json\/wp\/v2\/pages\/1511\/revisions"}],"predecessor-version":[{"id":1517,"href":"https:\/\/grupoevita.com\/pt-pt\/wp-json\/wp\/v2\/pages\/1511\/revisions\/1517"}],"wp:attachment":[{"href":"https:\/\/grupoevita.com\/pt-pt\/wp-json\/wp\/v2\/media?parent=1511"}],"curies":[{"name":"wp","href":"https:\/\/api.w.org\/{rel}","templated":true}]}}